{"id":32,"date":"2016-10-14T13:02:00","date_gmt":"2016-10-14T13:02:00","guid":{"rendered":"http:\/\/anthony.local\/esteyco2\/?page_id=32"},"modified":"2017-03-24T11:36:07","modified_gmt":"2017-03-24T11:36:07","slug":"javier-rui-wamba","status":"publish","type":"page","link":"http:\/\/muestra.vansterandlei.com\/es\/sobre-esteyco\/javier-rui-wamba\/","title":{"rendered":"Javier Rui-Wamba"},"content":{"rendered":"<div class=\"content-jav-wa\">\n<p style=\"text-align: left;\">ESTEYCO naci\u00f3 en enero de 1970 y desde entonces estamos ofreciendo servicios profesionales independientes y de calidad.<\/p>\n<p style=\"text-align: left;\">Hemos tenido siempre como objetivo primordial la selecci\u00f3n y consolidaci\u00f3n de un equipo humano integrado, con una amplia y s\u00f3lida preparaci\u00f3n, dotado de instrumentos de trabajo modernos y eficientes.<\/p>\n<p style=\"text-align: left;\">Entendemos nuestra actividad como un oficio, vocacionalmente escogido. Somos conscientes de que la calidad de nuestros servicios es la garant\u00eda de nuestro futuro, lo que creemos que se manifiesta en el fruto de nuestro trabajo y en el estilo de nuestras relaciones profesionales.<\/p>\n<p style=\"text-align: left;\">Disponemos de una organizaci\u00f3n s\u00f3lida, independiente, flexible y realmente multidisciplinar que nos permite abordar actividades muy diversas.<\/p>\n<p style=\"text-align: left;\">Hemos ido creando, tambi\u00e9n, un valioso entramado de colaboraciones estables con otros equipos altamente especializados que se integran con naturalidad en el nuestro, completando y ampliando nuestros recursos cuando la \u00edndole del servicio demandado lo requiere.<\/p>\n<p style=\"text-align: left;\">La calidad final de una inversi\u00f3n en infraestructuras depende de la calidad del servicio prestado por la Ingenier\u00eda en la concepci\u00f3n, planificaci\u00f3n, proyecto y direcci\u00f3n de las inversiones p\u00fablicas o privadas. La experiencia acumulada y nuestra actual configuraci\u00f3n nos permite abordar con \u00e9xito la gesti\u00f3n integral en proyectos y obras para la industria, la energ\u00eda y el medio ambiente. Nuestro equipo humano se adec\u00faa, tambi\u00e9n, a nuevas formas de intervenci\u00f3n profesional como son el \u201cproject management\u201d o el \u201cdesign and built\u201d.<\/p>\n<p style=\"text-align: left;\">Desde hace a\u00f1os hemos impulsado un aut\u00e9ntico cambio generacional, con la imprescindible ayuda de los m\u00e1s veteranos, para que Esteyco perdure manteniendo los valores que son nuestras se\u00f1as de identidad.<\/p>\n<p style=\"text-align: left;\">Nos hemos diversificado funcional y geogr\u00e1ficamente. Tenemos oficinas estables en Colombia, M\u00e9xico, Chile y Brasil. En el momento oportuno identificamos el inter\u00e9s de un campo con tanto futuro como \u00e9l de la energ\u00eda e\u00f3lica. Hoy somos un referente internacional en este sector, con actividades crecientes en numeros\u00edsimos pa\u00edses. Estamos atentos tambi\u00e9n a otras formas de energ\u00eda y a cuestiones relacionadas con la log\u00edstica del transporte en todas sus facetas.<\/p>\n<p style=\"text-align: left;\">Son muchos los pa\u00edses, Argelia, Argentina, B\u00e9lgica, Bulgaria, Francia, India, Irak, Ir\u00e1n y Qatar entre ellos, en los que hemos ido dejando una huella perdurable.<\/p>\n<p style=\"text-align: left;\">La Fundaci\u00f3n Esteyco que creamos hace m\u00e1s de 25 a\u00f1os, es tambi\u00e9n un referente en nuestra comunidad profesional y contin\u00faa siendo un instrumento pensado para consolidar un futuro perdurable para quienes, trabajando junto a m\u00ed, han hecho posible que continuemos siendo fieles al lema que siempre ha presidido nuestro que hacer profesional:<\/p>\n<p style=\"text-align: left;\">\u201cEsteyco: trabajar para saber, saber para trabajar\u201d.<\/p>\n<p style=\"text-align: left; margin-bottom: 6px;\"><span style=\"color: #9a3324;\">JAVIER RUI-WAMBA MARTIJA<\/span><\/p>\n<p style=\"text-align: left; margin-bottom: 6px;\"><span style=\"color: #000000;\">Ingeniero de Caminos, Canales y Puertos<\/span><\/p>\n<p style=\"text-align: left; margin-bottom: 6px;\">Presidente Fundador de Esteyco y de la Fundaci\u00f3n Esteyco<\/p>\n<\/div>","protected":false},"excerpt":{"rendered":"<p>ESTEYCO naci\u00f3 en enero de 1970 y desde entonces estamos ofreciendo servicios profesionales independientes y de calidad. Hemos tenido siempre como objetivo primordial la selecci\u00f3n y consolidaci\u00f3n de un equipo humano integrado, con una amplia y s\u00f3lida preparaci\u00f3n, dotado de instrumentos de trabajo modernos y eficientes. Entendemos nuestra actividad como un oficio, vocacionalmente escogido. Somos &hellip; <a href=\"http:\/\/muestra.vansterandlei.com\/es\/sobre-esteyco\/javier-rui-wamba\/\" class=\"more-link\">Continue reading<span class=\"screen-reader-text\"> \u00abJavier Rui-Wamba\u00bb<\/span><\/a><\/p>\n","protected":false},"author":1,"featured_media":885,"parent":14,"menu_order":0,"comment_status":"closed","ping_status":"closed","template":"","meta":{"pgc_sgb_lightbox_settings":""},"wps_subtitle":"CARTA DEL PRESIDENTE","_links":{"self":[{"href":"http:\/\/muestra.vansterandlei.com\/es\/wp-json\/wp\/v2\/pages\/32"}],"collection":[{"href":"http:\/\/muestra.vansterandlei.com\/es\/wp-json\/wp\/v2\/pages"}],"about":[{"href":"http:\/\/muestra.vansterandlei.com\/es\/wp-json\/wp\/v2\/types\/page"}],"author":[{"embeddable":true,"href":"http:\/\/muestra.vansterandlei.com\/es\/wp-json\/wp\/v2\/users\/1"}],"replies":[{"embeddable":true,"href":"http:\/\/muestra.vansterandlei.com\/es\/wp-json\/wp\/v2\/comments?post=32"}],"version-history":[{"count":0,"href":"http:\/\/muestra.vansterandlei.com\/es\/wp-json\/wp\/v2\/pages\/32\/revisions"}],"up":[{"embeddable":true,"href":"http:\/\/muestra.vansterandlei.com\/es\/wp-json\/wp\/v2\/pages\/14"}],"wp:featuredmedia":[{"embeddable":true,"href":"http:\/\/muestra.vansterandlei.com\/es\/wp-json\/wp\/v2\/media\/885"}],"wp:attachment":[{"href":"http:\/\/muestra.vansterandlei.com\/es\/wp-json\/wp\/v2\/media?parent=32"}],"curies":[{"name":"wp","href":"https:\/\/api.w.org\/{rel}","templated":true}]}}