{"id":38,"date":"2016-10-14T13:03:15","date_gmt":"2016-10-14T13:03:15","guid":{"rendered":"http:\/\/anthony.local\/esteyco2\/?page_id=38"},"modified":"2020-03-09T10:19:22","modified_gmt":"2020-03-09T10:19:22","slug":"calidad","status":"publish","type":"page","link":"http:\/\/muestra.vansterandlei.com\/es\/sobre-esteyco\/calidad\/","title":{"rendered":"Calidad"},"content":{"rendered":"<div class=\"slog-tx1 aligncenter\">\n<div class=\"col-md-6\">\n<article class=\"icon-box5 hiddenpadding\">\n<h4 style=\"text-align: left;\">El Sistema de Calidad y Gesti\u00f3n de Gesti\u00f3n Ambiente de ESTEYCO incluye las actividades de redacci\u00f3n de estudios y proyectos de ingenier\u00eda civil y arquitectura, Asistencia t\u00e9cnica, Direcci\u00f3n y control de proyectos, obras civiles y edificaci\u00f3n, desarrolladas en los centros de trabajo de Madrid, Barcelona (Espa\u00f1a), Bogot\u00e1 (Colombia) y Santiago de Chile (Chile) y da cobertura a los requisitos de las normas ISO 9001:2015 e ISO 14001:2015.<\/h4>\n<\/article>\n<article class=\"icon-box5 hiddenpadding\">\n<h4 style=\"text-align: left;\">Consciente de las responsabilidades legales y sociales en materia de Seguridad y Salud en el trabajo, ESTEYCO considera la Prevenci\u00f3n de Riesgos Laborales como parte integrante de su modelo de gesti\u00f3n que aplica a todas las \u00e1reas de su actividad, reconoce que las responsabilidades incumben a toda la Organizaci\u00f3n y asume el compromiso de promover, desarrollar , implantar y mantener las mejores pr\u00e1cticas en materia de Seguridad y Salud en el Trabajo para lo cual integra en su sistema los requisitos de la norma  ISO45001.<\/h4>\n<\/article>\n<article class=\"icon-box5 hiddenpadding\">\n<h4 style=\"text-align: left;\">Esta pol\u00edtica es el marco de referencia que utiliza la Direcci\u00f3n para la fijaci\u00f3n de los objetivos anuales y se revisa peri\u00f3dicamente para mantener su adecuaci\u00f3n y vigencia y asegurar la mejora continua de la eficacia del sistema.<\/h4>\n<\/article>\n<h4 class=\"logo-calidad\" style=\"text-align: left;\"><img loading=\"lazy\" class=\"alignnone wp-image-72 size-full\" src=\"http:\/\/muestra.vansterandlei.com\/wp-content\/uploads\/2016\/10\/certificacion-calidad.jpg\" width=\"187\" height=\"87\" \/><\/h4>\n<\/div>\n<div class=\"col-md-6\" style=\"text-align: left;\">\n<article class=\"icon-box5\">\n<h4>La Direcci\u00f3n de ESTEYCO se compromete a:<\/h4>\n<article class=\"icon-box5\"><i class=\"sl-check\" style=\"color: #00c2e5;\"><\/i><\/p>\n<h4>Orientar las actividades de la empresa hacia la satisfacci\u00f3n del cliente, tratando de superar sus necesidades y expectativas.<\/h4>\n<\/article>\n<article class=\"icon-box5\"><i class=\"sl-check\" style=\"color: #00c2e5;\"><\/i><\/p>\n<h4>Cumplir con los requisitos legales tanto de car\u00e1cter ambiental, como relacionados con la Calidad del servicio y la seguridad y salud de los trabajadores, as\u00ed como otros requisitos reglamentarios o particulares de los clientes.<\/h4>\n<\/article>\n<article class=\"icon-box5\"><i class=\"sl-check\" style=\"color: #00c2e5;\"><\/i><\/p>\n<h4>Mantener y mejorar la competencia e implicaci\u00f3n del personal promoviendo su participaci\u00f3n y consulta.<\/h4>\n<\/article>\n<article class=\"icon-box5\"><i class=\"sl-check\" style=\"color: #00c2e5;\"><\/i><\/p>\n<h4>Asegurar el compromiso con el proyecto y el cliente.<\/h4>\n<\/article>\n<article class=\"icon-box5\"><i class=\"sl-check\" style=\"color: #00c2e5;\"><\/i><\/p>\n<h4>Proporcionar apoyo t\u00e9cnico cualificado.<\/h4>\n<\/article>\n<article class=\"icon-box5\"><i class=\"sl-check\" style=\"color: #00c2e5;\"><\/i><\/p>\n<h4>Optimizar constantemente los procesos.<\/h4>\n<\/article>\n<article class=\"icon-box5\"><i class=\"sl-check\" style=\"color: #00c2e5;\"><\/i><\/p>\n<h4>Proteger el medio ambiente, desarrollando acciones orientadas a prevenir la contaminaci\u00f3n y minimizar el impacto ambiental que pueda generar el desarrollo de las distintas actividades.<\/h4>\n<\/article>\n<article class=\"icon-box5\"><i class=\"sl-check\" style=\"color: #00c2e5;\"><\/i><\/p>\n<h4>Promover la mejora continua del Sistema de Gesti\u00f3n y los procesos, asegurando su permanente adecuaci\u00f3n a la realidad de la empresa.<\/h4>\n<\/article>\n<article class=\"icon-box5\"><i class=\"sl-check\" style=\"color: #00c2e5;\"><\/i><\/p>\n<h4>Eliminar los peligros y reducir los riesgos que  puedan afectar a la salud de los trabajadores, as\u00ed como a proporcionar las condiciones de trabajo seguras y saludables para la prevenci\u00f3n de lesiones y el deterioro de la salud.<\/h4>\n<\/article>\n<article class=\"icon-box5\"><i class=\"sl-check\" style=\"color: #00c2e5;\"><\/i><\/p>\n<h4>Establecer procedimientos y criterios para garantizar la prevenci\u00f3n, promoci\u00f3n y vigilancia de la salud de sus empleados.<\/h4>\n<\/article>\n<article class=\"icon-box5\"><i class=\"sl-check\" style=\"color: #00c2e5;\"><\/i><\/p>\n<h4>Proporcionar un marco de referencia para el establecimiento de objetivos de seguridad y salud en el trabajo.<\/h4>\n<\/article>\n<article class=\"icon-box5\"><i class=\"sl-check\" style=\"color: #00c2e5;\"><\/i><\/p>\n<h4>Formar e informar a los empleados, en materia de Prevenci\u00f3n de Riesgos Laborales.<\/h4>\n<\/article>\n<article class=\"icon-box5\"><i class=\"sl-check\" style=\"color: #00c2e5;\"><\/i><\/p>\n<h4>Promover en los suministradores y contratistas los mismos principios preventivos de mejora de la Seguridad y Salud y las Condiciones de Trabajo<\/h4>\n<\/article>\n<article class=\"icon-box5 firma-calidad hiddenpadding\">\n<h4 style=\"text-align: left; padding-left: 34px;\">La Direcci\u00f3n.<\/h4>\n<p style=\"float:right;\">Octubre 2019<\/p>\n<\/article>\n<\/article>\n<\/div>\n<\/div>\n<div>\n<hr class=\"vertical-space3\" \/>\n<\/div>","protected":false},"excerpt":{"rendered":"<p>El Sistema de Calidad y Gesti\u00f3n de Gesti\u00f3n Ambiente de ESTEYCO incluye las actividades de redacci\u00f3n de estudios y proyectos de ingenier\u00eda civil y arquitectura, Asistencia t\u00e9cnica, Direcci\u00f3n y control de proyectos, obras civiles y edificaci\u00f3n, desarrolladas en los centros de trabajo de Madrid, Barcelona (Espa\u00f1a), Bogot\u00e1 (Colombia) y Santiago de Chile (Chile) y da &hellip; <a href=\"http:\/\/muestra.vansterandlei.com\/es\/sobre-esteyco\/calidad\/\" class=\"more-link\">Continue reading<span class=\"screen-reader-text\"> \u00abCalidad\u00bb<\/span><\/a><\/p>\n","protected":false},"author":1,"featured_media":230,"parent":14,"menu_order":0,"comment_status":"closed","ping_status":"closed","template":"","meta":{"pgc_sgb_lightbox_settings":""},"wps_subtitle":"Sistema Integrado de Gesti\u00f3n","_links":{"self":[{"href":"http:\/\/muestra.vansterandlei.com\/es\/wp-json\/wp\/v2\/pages\/38"}],"collection":[{"href":"http:\/\/muestra.vansterandlei.com\/es\/wp-json\/wp\/v2\/pages"}],"about":[{"href":"http:\/\/muestra.vansterandlei.com\/es\/wp-json\/wp\/v2\/types\/page"}],"author":[{"embeddable":true,"href":"http:\/\/muestra.vansterandlei.com\/es\/wp-json\/wp\/v2\/users\/1"}],"replies":[{"embeddable":true,"href":"http:\/\/muestra.vansterandlei.com\/es\/wp-json\/wp\/v2\/comments?post=38"}],"version-history":[{"count":0,"href":"http:\/\/muestra.vansterandlei.com\/es\/wp-json\/wp\/v2\/pages\/38\/revisions"}],"up":[{"embeddable":true,"href":"http:\/\/muestra.vansterandlei.com\/es\/wp-json\/wp\/v2\/pages\/14"}],"wp:featuredmedia":[{"embeddable":true,"href":"http:\/\/muestra.vansterandlei.com\/es\/wp-json\/wp\/v2\/media\/230"}],"wp:attachment":[{"href":"http:\/\/muestra.vansterandlei.com\/es\/wp-json\/wp\/v2\/media?parent=38"}],"curies":[{"name":"wp","href":"https:\/\/api.w.org\/{rel}","templated":true}]}}